{"id":935,"date":"2024-05-07T14:59:17","date_gmt":"2024-05-07T12:59:17","guid":{"rendered":"https:\/\/medicuskrosno.pl\/?page_id=935"},"modified":"2024-05-08T08:51:26","modified_gmt":"2024-05-08T06:51:26","slug":"polityka-prywatnosci-2","status":"publish","type":"page","link":"https:\/\/medicuskrosno.pl\/index.php\/polityka-prywatnosci-2\/","title":{"rendered":"Polityka prywatno\u015bci"},"content":{"rendered":"\n<p><strong>I. WST\u0118P<\/strong><\/p>\n\n\n\n<ol class=\"wp-block-list\">\n<li>Administratorem danych osobowych zbieranych w szczeg\u00f3lno\u015bci za po\u015brednictwem serwisu dost\u0119pnego pod adresem <strong>medicuskrosno.pl<\/strong> (dalej: Serwis), czyli podmiotem decyduj\u0105cym o tym, jak b\u0119d\u0105 wykorzystywane Pa\u0144stwa dane osobowe, jest <strong>Przychodnia Lekarska &#8222;Medicus&#8221; sp. p. <\/strong>z siedzib\u0105 przy ul. <strong>Wojska Polskiego 43, 38-400 Krosno <\/strong>(dalej: Administrator). Kontakt z Administratorem jest mo\u017cliwy za po\u015brednictwem adresu e-mail: <strong>biuro@medicuskrosno.pl<\/strong> oraz numeru telefonu: <strong>+48 13 432 15 23<\/strong>.<\/li>\n<\/ol>\n\n\n\n<p>Administrator danych jest odpowiedzialny za bezpiecze\u0144stwo przekazanych danych osobowych oraz przetwarzanie ich zgodnie z przepisami prawa.<\/p>\n\n\n\n<ul class=\"wp-block-list\">\n<li>Administrator wyznaczy\u0142 Inspektora Ochrony Danych (dalej: IOD), z kt\u00f3rym mo\u017cna skontaktowa\u0107 si\u0119 w sprawach zwi\u0105zanych z przetwarzaniem danych osobowych oraz<br>z wykonywaniem praw przys\u0142uguj\u0105cych u\u017cytkownikom zgodnie z przepisami o ochronie danych osobowych za po\u015brednictwem adresu e-mail: rodo@jamano.pl.<\/li>\n\n\n\n<li>Pa\u0144stwa dane osobowe s\u0105 przetwarzane zgodnie z Rozporz\u0105dzeniem Parlamentu Europejskiego i Rady (UE) 2016\/679 z dnia 27 kwietnia 2016 r. w sprawie ochrony os\u00f3b fizycznych w zwi\u0105zku z przetwarzaniem danych osobowych i w sprawie swobodnego przep\u0142ywu takich danych oraz uchylenia dyrektywy 95\/46\/WE (dalej: RODO) oraz innymi aktualnie obowi\u0105zuj\u0105cymi przepisami prawa o ochronie danych osobowych.<\/li>\n\n\n\n<li>W trakcie wizyty w Serwisie dochodzi do gromadzenia:<ul><li>danych osobowych przekazywanych przez u\u017cytkownika Serwisu,<\/li><\/ul>\n<ul class=\"wp-block-list\">\n<li>danych pozyskiwanych i rejestrowanych automatycznie.<\/li>\n<\/ul>\n<\/li>\n\n\n\n<li>Cel i zakres danych osobowych wykorzystywanych przez Administratora zosta\u0142 szczeg\u00f3\u0142owo wskazany w dalszej cz\u0119\u015bci polityki prywatno\u015bci.<\/li>\n<\/ul>\n\n\n\n<p><strong>II. GROMADZONE DANE \u2013 INFORMACJE PODSTAWOWE<\/strong><\/p>\n\n\n\n<ol class=\"wp-block-list\">\n<li>Poni\u017csze informacje odnosz\u0105 si\u0119 do wszystkich wskazanych w rozdziale <strong>III<\/strong> i <strong>IV<\/strong> sposob\u00f3w wykorzystywania przez Administratora przekazywanych przez Pa\u0144stwa danych osobowych.<\/li>\n\n\n\n<li>Pa\u0144stwa dane nie b\u0119d\u0105 wykorzystywane do podejmowania decyzji opartych wy\u0142\u0105cznie na zautomatyzowanym przetwarzaniu danych osobowych, w tym profilowania w rozumieniu art. 22 RODO.<\/li>\n\n\n\n<li>Z zachowaniem wszelkich gwarancji bezpiecze\u0144stwa danych, dane osobowe przetwarzane za po\u015brednictwem Serwisu mog\u0105 by\u0107 przekazywane \u2013 opr\u00f3cz osobom upowa\u017cnionym przez Administratora &#8211; innym podmiotom, w tym:<ol><li>podmiotom uprawnionym do ich otrzymywania zgodnie z przepisami prawa,<\/li><\/ol><ol><li>podmiotom przetwarzaj\u0105cym je w imieniu Administratora, np. dostawcom us\u0142ug technicznych, dostawcom us\u0142ug analitycznych, podmiotom \u015bwiadcz\u0105cym us\u0142ugi doradcze,<\/li><\/ol>\n<ol class=\"wp-block-list\">\n<li>innym administratorom danych w zakresie niezb\u0119dnym do wykonania umowy, realizacji us\u0142ug i wymog\u00f3w prawnych, np. kancelariom notarialnym lub prawnym, innym plac\u00f3wkom medycznym i kontrahentom realizuj\u0105cym us\u0142ugi na rzecz Administratora na podstawie zawartych um\u00f3w.<\/li>\n<\/ol>\n<\/li>\n\n\n\n<li>Administrator informuje, \u017ce w zwi\u0105zku z przetwarzaniem danych osobowych pozyskanych za po\u015brednictwem Serwisu ka\u017cdej osobie, kt\u00f3rej dane dotycz\u0105, przys\u0142uguje prawo z\u0142o\u017cenia wniosku w sprawie:<ol><li>dost\u0119pu do danych (informacja o przetwarzaniu danych osobowych lub kopia danych),<\/li><\/ol><ol><li>sprostowania danych (gdy s\u0105 one nieprawid\u0142owe),<\/li><\/ol><ol><li>usuni\u0119cia danych osobowych (prawo do bycia zapomnianym),<\/li><\/ol><ol><li>ograniczenia przetwarzania danych osobowych,<\/li><\/ol><ol><li>przenoszenia danych do innego administratora,<\/li><\/ol><ol><li>wniesienia sprzeciwu wobec przetwarzania danych, w sytuacji, kiedy podstaw\u0105 przetwarzania jest prawnie uzasadniony interes Administratora,<\/li><\/ol>\n<ol class=\"wp-block-list\">\n<li>wycofania zgody w przypadku, gdy Administrator b\u0119dzie przetwarza\u0142 dane osobowe<br>w oparciu o zgod\u0119, w dowolnym czasie i w dowolny spos\u00f3b, bez wp\u0142ywu na zgodno\u015b\u0107<br>z prawem przetwarzania, kt\u00f3rego dokonano na podstawie zgody przed jej wycofaniem<\/li>\n<\/ol>\n<\/li>\n<\/ol>\n\n\n\n<p>\u2013 na zasadach okre\u015blonych w RODO.<\/p>\n\n\n\n<ul class=\"wp-block-list\">\n<li>Ka\u017cda osoba, kt\u00f3rej dane dotycz\u0105, ma prawo z\u0142o\u017cy\u0107 skarg\u0119 do organu nadzorczego (Prezesa Urz\u0119du Ochrony Danych Osobowych, <a href=\"https:\/\/uodo.gov.pl\/pl\/83\/155\">https:\/\/uodo.gov.pl\/pl\/83\/155<\/a>), je\u017celi uwa\u017ca, \u017ce przetwarzanie danych osobowych odbywa si\u0119 niezgodnie z przepisami.<\/li>\n\n\n\n<li>Dane zosta\u0142y pozyskane przez Administratora bezpo\u015brednio od Pa\u0144stwa. Administrator mo\u017ce r\u00f3wnie\u017c przetwarza\u0107 dane osobowe innych os\u00f3b, przekazane przez u\u017cytkownika podczas korzystania z us\u0142ug opisanych w polityce prywatno\u015bci.<\/li>\n<\/ul>\n\n\n\n<p><strong>III. DANE OSOBOWE PRZEKAZYWANE PRZEZ U\u017bYTKOWNIKA<\/strong><\/p>\n\n\n\n<p><strong>III. A. KONTAKT MAILOWY LUB TELEFONICZNY<\/strong><\/p>\n\n\n\n<ol class=\"wp-block-list\">\n<li>Administrator przetwarza dane osobowe, w szczeg\u00f3lno\u015bci imi\u0119 i nazwisko oraz numer telefonu kontaktowego lub adres poczty elektronicznej oraz inne informacje przekazane przez Pa\u0144stwa, w zakresie niezb\u0119dnym do obs\u0142ugi zg\u0142osze\u0144 i realizacji zapytania, w tym prowadzenia komunikacji i udzielania odpowiedzi na pytania zadawane za po\u015brednictwem udost\u0119pnionego w Serwisie numeru telefonu kontaktowego i adresu e-mail (podstawa prawna &#8211; art. 6 ust. 1 lit. f RODO) &#8211; &#8222;prawnie uzasadniony interes&#8221;.<\/li>\n<\/ol>\n\n\n\n<p>Je\u017celi w ramach prowadzonej komunikacji, przekazuj\u0105 nam Pa\u0144stwo informacje stanowi\u0105ce szczeg\u00f3lne kategorie danych (np. informacje o stanie zdrowia w celu um\u00f3wienia wizyty, uzyskania recepty lub skorzystania z innych \u015bwiadcze\u0144 opieki zdrowotnej), wyra\u017caj\u0105 Pa\u0144stwo zgod\u0119 na ich wykorzystanie w celu w\u0142a\u015bciwej obs\u0142ugi zg\u0142oszenia (podstawa prawna &#8211; art. 9 ust. 2 lit. a RODO) &#8211; &#8222;zgoda&#8221;.<\/p>\n\n\n\n<ul class=\"wp-block-list\">\n<li>Administrator ma prawo do przetwarzania danych osobowych przez okres niezb\u0119dny do realizacji wskazanych powy\u017cej cel\u00f3w. W zale\u017cno\u015bci od podstawy prawnej b\u0119dzie to odpowiednio:<ul><li>czas niezb\u0119dny do realizacji zapytania lub obs\u0142ugi zg\u0142oszenia, w tym do udzielenia odpowiedzi na przes\u0142an\u0105 korespondencj\u0119 lub przekazane podczas rozmowy telefonicznej zg\u0142oszenie\/pytanie,<\/li><\/ul>\n<ul class=\"wp-block-list\">\n<li>czas do momentu wycofania zgody przez u\u017cytkownika (w tym do momentu wycofania zgody na wykorzystanie szczeg\u00f3lnych kategorii danych).<\/li>\n<\/ul>\n<\/li>\n\n\n\n<li>Wycofanie zgody mo\u017ce odby\u0107 si\u0119 w szczeg\u00f3lno\u015bci przez kontakt z Administratorem lub IOD (za po\u015brednictwem wskazanych powy\u017cej danych kontaktowych). Wycofanie zgody nie ma wp\u0142ywu na zgodno\u015b\u0107 z prawem wykorzystania danych w okresie, kiedy zgoda obowi\u0105zywa\u0142a.<\/li>\n\n\n\n<li>Podanie danych jest dobrowolne, ale niezb\u0119dne dla udzielenia odpowiedzi na przes\u0142ane pytanie lub dla w\u0142a\u015bciwej obs\u0142ugi zg\u0142oszenia i realizacji zapytania. Konsekwencj\u0105 niepodania danych osobowych mo\u017ce by\u0107 brak mo\u017cliwo\u015bci udzielenia odpowiedzi lub realizacji zapytania.<\/li>\n<\/ul>\n\n\n\n<p><strong>IV. DANE GROMADZONE AUTOMATYCZNIE<\/strong><\/p>\n\n\n\n<ol class=\"wp-block-list\">\n<li>Korzystanie z serwisu dost\u0119pnego pod adresem medicuskrosno.pl wi\u0105\u017ce si\u0119 z przesy\u0142aniem zapyta\u0144 do serwera, kt\u00f3re s\u0105 automatycznie zapisywane w dziennikach zdarze\u0144.<\/li>\n\n\n\n<li>W dziennikach zdarze\u0144 zapisywane s\u0105 dane dotycz\u0105ce sesji u\u017cytkownik\u00f3w. W szczeg\u00f3lno\u015bci s\u0105 to: adres IP, rodzaj i nazwa urz\u0105dzenia, data i czas odwiedzin naszego serwisu, informacje<br>o przegl\u0105darce internetowej i systemie operacyjnym.<\/li>\n\n\n\n<li>Dane zapisywane w dziennikach zdarze\u0144 nie s\u0105 kojarzone z konkretnymi osobami.<\/li>\n\n\n\n<li>Dost\u0119p do zawarto\u015bci dziennik\u00f3w zdarze\u0144 posiadaj\u0105 osoby upowa\u017cnione przez Administratora do administrowania Serwisem.<\/li>\n\n\n\n<li>Chronologiczny zapis informacji o zdarzeniach stanowi wy\u0142\u0105cznie materia\u0142 pomocniczy, wykorzystywany w celach administracyjnych. Analiza dziennik\u00f3w zdarze\u0144 umo\u017cliwia w szczeg\u00f3lno\u015bci wykrywanie zagro\u017ce\u0144, zapewnienie odpowiedniego bezpiecze\u0144stwa Serwisu oraz wykonywanie statystyk w celu lepszego poznania sposobu korzystania z Serwisu przez jego u\u017cytkownik\u00f3w.<\/li>\n\n\n\n<li>Dane dotycz\u0105ce sesji u\u017cytkownik\u00f3w s\u0105 wykorzystywane w celu diagnozowania problem\u00f3w zwi\u0105zanych z funkcjonowaniem Serwisu i analizowania ewentualnych narusze\u0144 bezpiecze\u0144stwa, zarz\u0105dzania Serwisem oraz w celu wykonywania statystyk (podstawa prawna &#8211; art. 6 ust. 1 lit. f RODO) \u2013 \u201eprawnie uzasadniony interes\u201d.<\/li>\n<\/ol>\n\n\n\n<p><strong>V. POSTANOWIENIA KO\u0143COWE<\/strong><\/p>\n\n\n\n<ol class=\"wp-block-list\">\n<li>Niniejsza polityka prywatno\u015bci ma charakter informacyjny i dotyczy w szczeg\u00f3lno\u015bci serwisu internetowego Administratora funkcjonuj\u0105cego pod adresem medicuskrosno.pl.<\/li>\n\n\n\n<li>Serwis mo\u017ce zawiera\u0107 odno\u015bniki do innych stron internetowych, w szczeg\u00f3lno\u015bci do stron partner\u00f3w biznesowych, us\u0142ugodawc\u00f3w, reklamodawc\u00f3w i innych podmiot\u00f3w wsp\u00f3\u0142pracuj\u0105cych z Administratorem (np. Google LLC, Polska Press Sp. z o.o., Ministerstwo Zdrowia, Ministerstwo Rodziny, Pracy i Polityki Spo\u0142ecznej). Administrator zaleca, aby ka\u017cdy u\u017cytkownik, po przej\u015bciu na inne strony, zapozna\u0142 si\u0119 z obowi\u0105zuj\u0105cymi tam politykami prywatno\u015bci.<\/li>\n\n\n\n<li>Administrator zastrzega mo\u017cliwo\u015b\u0107 wprowadzenia zmian w obowi\u0105zuj\u0105cej polityce prywatno\u015bci<br>w szczeg\u00f3lno\u015bci w przypadku:<\/li>\n\n\n\n<li>rozwoju technologii,<\/li>\n\n\n\n<li>zmian powszechnie obowi\u0105zuj\u0105cych przepis\u00f3w prawa, w tym w zakresie ochrony danych osobowych lub bezpiecze\u0144stwa informacji,<\/li>\n\n\n\n<li>rozwoju Serwisu, w tym wdro\u017cenia nowych us\u0142ug i funkcjonalno\u015bci.<\/li>\n\n\n\n<li>O stosownych zmianach w tre\u015bci polityki prywatno\u015bci Administrator powiadomi u\u017cytkownik\u00f3w<br>w szczeg\u00f3lno\u015bci poprzez zamieszczenie komunikatu w Serwisie oraz wys\u0142anie wiadomo\u015bci e-mail do os\u00f3b posiadaj\u0105cych aktywne konto u\u017cytkownika.<\/li>\n\n\n\n<li>Niniejsza \u201ePolityka prywatno\u015bci\u201d ma zastosowanie od dnia 24.01.2024 r.<\/li>\n<\/ol>\n","protected":false},"excerpt":{"rendered":"<p>I. WST\u0118P Administrator danych jest odpowiedzialny za bezpiecze\u0144stwo przekazanych danych osobowych oraz przetwarzanie ich zgodnie z przepisami prawa. II. GROMADZONE DANE \u2013 INFORMACJE PODSTAWOWE \u2013 na zasadach okre\u015blonych w RODO. III. DANE OSOBOWE PRZEKAZYWANE PRZEZ U\u017bYTKOWNIKA III. A. KONTAKT MAILOWY LUB TELEFONICZNY Je\u017celi w ramach prowadzonej komunikacji, przekazuj\u0105 nam Pa\u0144stwo informacje stanowi\u0105ce szczeg\u00f3lne kategorie danych &hellip;<\/p>\n<p class=\"read-more\"> <a class=\"\" href=\"https:\/\/medicuskrosno.pl\/index.php\/polityka-prywatnosci-2\/\"> <span class=\"screen-reader-text\">Polityka prywatno\u015bci<\/span> Read More &raquo;<\/a><\/p>\n","protected":false},"author":1,"featured_media":0,"parent":0,"menu_order":0,"comment_status":"closed","ping_status":"closed","template":"","meta":{"footnotes":""},"class_list":["post-935","page","type-page","status-publish","hentry"],"_links":{"self":[{"href":"https:\/\/medicuskrosno.pl\/index.php\/wp-json\/wp\/v2\/pages\/935","targetHints":{"allow":["GET"]}}],"collection":[{"href":"https:\/\/medicuskrosno.pl\/index.php\/wp-json\/wp\/v2\/pages"}],"about":[{"href":"https:\/\/medicuskrosno.pl\/index.php\/wp-json\/wp\/v2\/types\/page"}],"author":[{"embeddable":true,"href":"https:\/\/medicuskrosno.pl\/index.php\/wp-json\/wp\/v2\/users\/1"}],"replies":[{"embeddable":true,"href":"https:\/\/medicuskrosno.pl\/index.php\/wp-json\/wp\/v2\/comments?post=935"}],"version-history":[{"count":3,"href":"https:\/\/medicuskrosno.pl\/index.php\/wp-json\/wp\/v2\/pages\/935\/revisions"}],"predecessor-version":[{"id":981,"href":"https:\/\/medicuskrosno.pl\/index.php\/wp-json\/wp\/v2\/pages\/935\/revisions\/981"}],"wp:attachment":[{"href":"https:\/\/medicuskrosno.pl\/index.php\/wp-json\/wp\/v2\/media?parent=935"}],"curies":[{"name":"wp","href":"https:\/\/api.w.org\/{rel}","templated":true}]}}